{"id":1195,"date":"2016-11-24T18:08:55","date_gmt":"2016-11-24T18:08:55","guid":{"rendered":"https:\/\/www.elbamarinavip.it\/appartamenti\/"},"modified":"2024-04-12T09:21:38","modified_gmt":"2024-04-12T07:21:38","slug":"wohnungen","status":"publish","type":"page","link":"https:\/\/www.elbamarinavip.it\/de\/wohnungen\/","title":{"rendered":"Wohnungen"},"content":{"rendered":"<div class=\"wpb-content-wrapper\"><p>[vc_row row_padding_bottom=&#8220;padding_bottom_none&#8220;][vc_column width=&#8220;1\/2&#8243;][vc_column_text]<\/p>\n<h2>Villetta Marina<\/h2>\n<p>[\/vc_column_text][vc_tta_tabs][vc_tta_section title=&#8220;Beschreibung&#8220; tab_id=&#8220;1544713160242-6a95932a-2992&#8243;][vc_column_text]<strong>Max. 5 Personen<\/strong><\/p>\n<p><strong>Oberfl\u00e4che Wohnung:<\/strong> 50 m\u00b2<br \/>\n<strong>Oberfl\u00e4che des exklusiven Au\u00dfenbereichs:<\/strong> 90 m\u00b2<\/p>\n<p>Ferienwohnung mit privatem Zugang, Bereich K\u00fcche\/Wohnzimmer, Doppelzimmer und Zimmer mit Etagenbett.[\/vc_column_text][\/vc_tta_section][vc_tta_section title=&#8220;Dienstleistungen&#8220; tab_id=&#8220;1544713160275-f1cf1986-2083&#8243;][vc_column_text]\u2022 Wasserkocher \/ Kaffeemaschine<br \/>\n\u2022 Au\u00dfendusche mit Kalt-\/Warmwasser<br \/>\n\u2022 Safe<br \/>\n\u2022 Sat-TV<br \/>\n\u2022 Klimaanlage<br \/>\n\u2022 Haartrockner<br \/>\n\u2022 B\u00fcgeleisen<br \/>\n\u2022 Kochecke<br \/>\n\u2022 Badeprodukte inklusiv<br \/>\n\u2022 Ventilator<br \/>\n\u2022 Kostenlose Waschmaschine<br \/>\n\u2022 Privates Atrium<br \/>\n\u2022 Heizung<br \/>\n\u2022 Privater Eingang<br \/>\n\u2022 Schallisolierung<br \/>\n\u2022 Meerblick<br \/>\n\u2022 Essbereich<br \/>\n\u2022 Zugang zum Executive Lounge<br \/>\n\u2022 M\u00fcckennetz<br \/>\n\u2022 Handt\u00fccher\/Bettw\u00e4sche, verf\u00fcgbar aber nicht kostenlos<br \/>\n\u2022 Kombinierter Ofen<br \/>\n\u2022 Grill<br \/>\n\u2022 Blick auf den Garten<br \/>\n\u2022 Blick aufs Gebirge<br \/>\n\u2022 Allergiegetestete L\u00f6sungen<br \/>\n\u2022 Reinigungsprodukte<br \/>\n\u2022 Terrasse<br \/>\n\u2022 Au\u00dfeneinrichtungen mit Essbereich im Freien<br \/>\n\u2022 Im Erdgeschoss liegende und unabh\u00e4ngige Einheit<br \/>\n\u2022 Toilettenpapier<br \/>\n\u2022 Tischspiele\/Puzzle<br \/>\n\u2022 Schlafcouch \u201eSommier\u201c<br \/>\n\u2022 Kostenloses WLAN<br \/>\n\u2022 MTB-Nutzung[\/vc_column_text][\/vc_tta_section][\/vc_tta_tabs][\/vc_column][vc_column width=&#8220;1\/2&#8243;][vc_images_carousel images=&#8220;1551,1516,1519,1522,1525,1531,1534,1537,1540,1543,1546&#8243; img_size=&#8220;full&#8220;][\/vc_column][\/vc_row][vc_row row_padding_top=&#8220;padding_top_2-3&#8243; row_padding_bottom=&#8220;padding_bottom_none&#8220;][vc_column width=&#8220;1\/2&#8243;][vc_column_text]<\/p>\n<h2>Villino Sveva<\/h2>\n<p>[\/vc_column_text][vc_tta_tabs][vc_tta_section title=&#8220;Beschreibung&#8220; tab_id=&#8220;1544713371128-aded343d-d820&#8243;][vc_column_text]<strong>Max. 4 Personen<\/strong><\/p>\n<p><strong>Oberfl\u00e4che Wohnung:<\/strong> 30 m\u00b2<br \/>\n<strong>Oberfl\u00e4che des exklusiven Au\u00dfenbereichs:<\/strong> 40 m\u00b2<\/p>\n<p>Ferienwohnung mit privatem Eingang, Wohnzimmer\/K\u00fcche, WC und Doppelzimmer.[\/vc_column_text][\/vc_tta_section][vc_tta_section title=&#8220;Dienstleistungen&#8220; tab_id=&#8220;1544713371186-0e8d4cad-c789&#8243;][vc_column_text]\u2022 Wasserkocher \/ Kaffeemaschine<br \/>\n\u2022 Au\u00dfendusche mit Kalt-\/Warmwasser<br \/>\n\u2022 Safe<br \/>\n\u2022 Sat-TV<br \/>\n\u2022 Klimaanlage<br \/>\n\u2022 Haartrockner<br \/>\n\u2022 B\u00fcgeleisen<br \/>\n\u2022 Kochecke<br \/>\n\u2022 Badeprodukte inklusiv<br \/>\n\u2022 Ventilator<br \/>\n\u2022 Kostenlose Waschmaschine<br \/>\n\u2022 Privates Atrium<br \/>\n\u2022 Heizung<br \/>\n\u2022 Privater Eingang<br \/>\n\u2022 Schallisolierung<br \/>\n\u2022 Meerblick<br \/>\n\u2022 Essbereich<br \/>\n\u2022 Zugang zum Executive Lounge<br \/>\n\u2022 M\u00fcckennetz<br \/>\n\u2022 Handt\u00fccher\/Bettw\u00e4sche, verf\u00fcgbar aber nicht kostenlos<br \/>\n\u2022 Kombinierter Ofen<br \/>\n\u2022 Grill<br \/>\n\u2022 Blick auf den Garten<br \/>\n\u2022 Blick aufs Gebirge<br \/>\n\u2022 Allergiegetestete L\u00f6sungen<br \/>\n\u2022 Reinigungsprodukte<br \/>\n\u2022 Terrasse<br \/>\n\u2022 Au\u00dfeneinrichtungen mit Essbereich im Freien<br \/>\n\u2022 Im Erdgeschoss liegende und unabh\u00e4ngige Einheit<br \/>\n\u2022 Toilettenpapier<br \/>\n\u2022 Tischspiele\/Puzzle<br \/>\n\u2022 Schlafcouch \u201eSommier\u201c<br \/>\n\u2022 Kostenloses WLAN<br \/>\n\u2022 MTB-Nutzung[\/vc_column_text][\/vc_tta_section][\/vc_tta_tabs][\/vc_column][vc_column width=&#8220;1\/2&#8243;][vc_images_carousel images=&#8220;1565,1562,1556,1559,1568,1571,1574,1577,1580&#8243; img_size=&#8220;full&#8220;][\/vc_column][\/vc_row][vc_row row_padding_top=&#8220;padding_top_2-3&#8243;][vc_column width=&#8220;1\/2&#8243;][vc_column_text]<\/p>\n<h2>Appartamento Jacopo<\/h2>\n<p>[\/vc_column_text][vc_tta_tabs][vc_tta_section title=&#8220;Beschreibung&#8220; tab_id=&#8220;1544713332169-a8068204-ebb3&#8243;][vc_column_text]<strong>Max. 4 Personen<\/strong><\/p>\n<p><strong>Oberfl\u00e4che Wohnung:<\/strong> 40 m\u00b2<br \/>\n<strong>Oberfl\u00e4che des exklusiven Au\u00dfenbereichs:<\/strong> 120 m\u00b2<\/p>\n<p>Ferienwohnung mit privatem Eingang, Wohnzimmer\/K\u00fcche, WC und gro\u00dfes unabh\u00e4ngiges Doppelzimmer.[\/vc_column_text][\/vc_tta_section][vc_tta_section title=&#8220;Dienstleistungen&#8220; tab_id=&#8220;1544713332218-1a8cce71-7489&#8243;][vc_column_text]\u2022 Wasserkocher \/ Kaffeemaschine<br \/>\n\u2022 Au\u00dfendusche mit Kalt-\/Warmwasser<br \/>\n\u2022 Safe<br \/>\n\u2022 Sat-TV<br \/>\n\u2022 Klimaanlage<br \/>\n\u2022 Haartrockner<br \/>\n\u2022 B\u00fcgeleisen<br \/>\n\u2022 Kochecke<br \/>\n\u2022 Badeprodukte inklusiv<br \/>\n\u2022 Ventilator<br \/>\n\u2022 Kostenlose Waschmaschine<br \/>\n\u2022 Privates Atrium<br \/>\n\u2022 Heizung<br \/>\n\u2022 Privater Eingang<br \/>\n\u2022 Schallisolierung<br \/>\n\u2022 Meerblick<br \/>\n\u2022 Essbereich<br \/>\n\u2022 Zugang zum Executive Lounge<br \/>\n\u2022 M\u00fcckennetz<br \/>\n\u2022 Handt\u00fccher\/Bettw\u00e4sche, verf\u00fcgbar aber nicht kostenlos<br \/>\n\u2022 Kombinierter Ofen<br \/>\n\u2022 Grill<br \/>\n\u2022 Blick auf den Garten<br \/>\n\u2022 Blick aufs Gebirge<br \/>\n\u2022 Allergiegetestete L\u00f6sungen<br \/>\n\u2022 Reinigungsprodukte<br \/>\n\u2022 Terrasse<br \/>\n\u2022 Au\u00dfeneinrichtungen mit Essbereich im Freien<br \/>\n\u2022 Im Erdgeschoss liegende und unabh\u00e4ngige Einheit<br \/>\n\u2022 Toilettenpapier<br \/>\n\u2022 Tischspiele\/Puzzle<br \/>\n\u2022 Schlafcouch \u201eSommier\u201c<br \/>\n\u2022 Kostenloses WLAN<br \/>\n\u2022 MTB-Nutzung[\/vc_column_text][\/vc_tta_section][\/vc_tta_tabs][\/vc_column][vc_column width=&#8220;1\/2&#8243;][vc_images_carousel images=&#8220;1596,1584,1590,1593,1599,1602,1605,1608,1611,1614,1587&#8243; img_size=&#8220;full&#8220;][\/vc_column][\/vc_row][vc_row row_padding_top=&#8220;padding_top_2-3&#8243;][vc_column width=&#8220;1\/2&#8243;][vc_column_text]<\/p>\n<h2>Appartamento Anna<\/h2>\n<p>[\/vc_column_text][vc_tta_tabs][vc_tta_section title=&#8220;Beschreibung&#8220; tab_id=&#8220;1712571988304-32d760a4-3b26&#8243;][vc_column_text]<strong>Max. 4 Personen<\/strong><\/p>\n<p><strong>Oberfl\u00e4che Wohnung:<\/strong> 30 m\u00b2<br \/>\n<strong>Terrassenoberfl\u00e4che:<\/strong> 5 m\u00b2<\/p>\n<p>Ferienhaus mit Terrasse mit Meerblick, Wohnbereich, kleinem Raum, der als K\u00fcche genutzt wird, WC und Schlafzimmer mit Doppelbett.<\/p>\n<p>Das Apartment Anna befindet sich in der Via Vallegrande 11 in Procchio.[\/vc_column_text][\/vc_tta_section][vc_tta_section title=&#8220;Dienstleistungen&#8220; tab_id=&#8220;1712571988319-b6763795-a407&#8243;][vc_column_text]\u2022 Wasserkocher \/ Kaffeemaschine<br \/>\n\u2022 Safe<br \/>\n\u2022 Sat-TV<br \/>\n\u2022 Klimaanlage<br \/>\n\u2022 Haartrockner<br \/>\n\u2022 Kochecke<br \/>\n\u2022 Badeprodukte inklusiv<br \/>\n\u2022 Ventilator<br \/>\n\u2022 Waschmaschine<br \/>\n\u2022 Private Terrasse<br \/>\n\u2022 Heizung<br \/>\n\u2022 Parkplatz<br \/>\n\u2022 Schallisolierung<br \/>\n\u2022 Meerblick<br \/>\n\u2022 Essbereich<br \/>\n\u2022 Zugang zum Executive Lounge<br \/>\n\u2022 M\u00fcckennetz<br \/>\n\u2022 Handt\u00fccher\/Bettw\u00e4sche, verf\u00fcgbar aber nicht kostenlos<br \/>\n\u2022 Kombinierter Ofen<br \/>\n\u2022 Allergiegetestete L\u00f6sungen<br \/>\n\u2022 Reinigungsprodukte<br \/>\n\u2022 Au\u00dfeneinrichtungen mit Essbereich im Freien<br \/>\n\u2022 Toilettenpapier<br \/>\n\u2022 Kosmetikspiegel<br \/>\n\u2022 Tischspiele\/Puzzle<br \/>\n\u2022 Schlafcouch \u201eSommier\u201c<br \/>\n\u2022 Kostenloses WLAN<br \/>\n\u2022 MTB-Nutzung[\/vc_column_text][\/vc_tta_section][\/vc_tta_tabs][\/vc_column][vc_column width=&#8220;1\/2&#8243;][vc_images_carousel images=&#8220;1458,1461,1464,1467,1470,1473,1476,1479,1482,1488,1485,1491&#8243; img_size=&#8220;full&#8220; wrap=&#8220;yes&#8220;][\/vc_column][\/vc_row]<\/p>\n<\/div>","protected":false},"excerpt":{"rendered":"<p>[vc_row row_padding_bottom=&#8220;padding_bottom_none&#8220;][vc_column width=&#8220;1\/2&#8243;][vc_column_text] Villetta Marina [\/vc_column_text][vc_tta_tabs][vc_tta_section title=&#8220;Beschreibung&#8220; tab_id=&#8220;1544713160242-6a95932a-2992&#8243;][vc_column_text]Max. 5 Personen Oberfl\u00e4che Wohnung: 50 m\u00b2 Oberfl\u00e4che des exklusiven Au\u00dfenbereichs: 90 m\u00b2 Ferienwohnung mit privatem Zugang, Bereich K\u00fcche\/Wohnzimmer, Doppelzimmer und Zimmer mit Etagenbett.[\/vc_column_text][\/vc_tta_section][vc_tta_section title=&#8220;Dienstleistungen&#8220; tab_id=&#8220;1544713160275-f1cf1986-2083&#8243;][vc_column_text]\u2022 Wasserkocher \/ Kaffeemaschine \u2022 Au\u00dfendusche mit Kalt-\/Warmwasser \u2022 Safe \u2022 Sat-TV \u2022 Klimaanlage \u2022 Haartrockner \u2022 B\u00fcgeleisen \u2022 Kochecke \u2022 Badeprodukte inklusiv [&hellip;]<\/p>\n","protected":false},"author":1,"featured_media":1075,"parent":0,"menu_order":0,"comment_status":"closed","ping_status":"closed","template":"","meta":{"footnotes":""},"class_list":["post-1195","page","type-page","status-publish","has-post-thumbnail","hentry"],"yoast_head":"<!-- This site is optimized with the Yoast SEO plugin v26.4 - https:\/\/yoast.com\/wordpress\/plugins\/seo\/ -->\n<title>Wohnungen - Elba Marina VIP<\/title>\n<meta name=\"robots\" content=\"index, follow, max-snippet:-1, max-image-preview:large, max-video-preview:-1\" \/>\n<link rel=\"canonical\" href=\"https:\/\/www.elbamarinavip.it\/de\/wohnungen\/\" \/>\n<meta property=\"og:locale\" content=\"de_DE\" \/>\n<meta property=\"og:type\" content=\"article\" \/>\n<meta property=\"og:title\" content=\"Wohnungen - Elba Marina VIP\" \/>\n<meta property=\"og:description\" content=\"[vc_row row_padding_bottom=&#8220;padding_bottom_none&#8220;][vc_column width=&#8220;1\/2&#8243;][vc_column_text] Villetta Marina [\/vc_column_text][vc_tta_tabs][vc_tta_section title=&#8220;Beschreibung&#8220; tab_id=&#8220;1544713160242-6a95932a-2992&#8243;][vc_column_text]Max. 5 Personen Oberfl\u00e4che Wohnung: 50 m\u00b2 Oberfl\u00e4che des exklusiven Au\u00dfenbereichs: 90 m\u00b2 Ferienwohnung mit privatem Zugang, Bereich K\u00fcche\/Wohnzimmer, Doppelzimmer und Zimmer mit Etagenbett.[\/vc_column_text][\/vc_tta_section][vc_tta_section title=&#8220;Dienstleistungen&#8220; tab_id=&#8220;1544713160275-f1cf1986-2083&#8243;][vc_column_text]\u2022 Wasserkocher \/ Kaffeemaschine \u2022 Au\u00dfendusche mit Kalt-\/Warmwasser \u2022 Safe \u2022 Sat-TV \u2022 Klimaanlage \u2022 Haartrockner \u2022 B\u00fcgeleisen \u2022 Kochecke \u2022 Badeprodukte inklusiv [&hellip;]\" \/>\n<meta property=\"og:url\" content=\"https:\/\/www.elbamarinavip.it\/de\/wohnungen\/\" \/>\n<meta property=\"og:site_name\" content=\"Elba Marina VIP\" \/>\n<meta property=\"article:modified_time\" content=\"2024-04-12T07:21:38+00:00\" \/>\n<meta property=\"og:image\" content=\"https:\/\/www.elbamarinavip.it\/wp-content\/uploads\/2018\/12\/IMAG1964.jpg\" \/>\n\t<meta property=\"og:image:width\" content=\"1920\" \/>\n\t<meta property=\"og:image:height\" content=\"700\" \/>\n\t<meta property=\"og:image:type\" content=\"image\/jpeg\" \/>\n<meta name=\"twitter:card\" content=\"summary_large_image\" \/>\n<meta name=\"twitter:label1\" content=\"Gesch\u00e4tzte Lesezeit\" \/>\n\t<meta name=\"twitter:data1\" content=\"10\u00a0Minuten\" \/>\n<script type=\"application\/ld+json\" class=\"yoast-schema-graph\">{\"@context\":\"https:\/\/schema.org\",\"@graph\":[{\"@type\":\"WebPage\",\"@id\":\"https:\/\/www.elbamarinavip.it\/de\/wohnungen\/\",\"url\":\"https:\/\/www.elbamarinavip.it\/de\/wohnungen\/\",\"name\":\"Wohnungen - Elba Marina VIP\",\"isPartOf\":{\"@id\":\"https:\/\/www.elbamarinavip.it\/#website\"},\"primaryImageOfPage\":{\"@id\":\"https:\/\/www.elbamarinavip.it\/de\/wohnungen\/#primaryimage\"},\"image\":{\"@id\":\"https:\/\/www.elbamarinavip.it\/de\/wohnungen\/#primaryimage\"},\"thumbnailUrl\":\"https:\/\/www.elbamarinavip.it\/wp-content\/uploads\/2018\/12\/IMAG1964.jpg\",\"datePublished\":\"2016-11-24T18:08:55+00:00\",\"dateModified\":\"2024-04-12T07:21:38+00:00\",\"breadcrumb\":{\"@id\":\"https:\/\/www.elbamarinavip.it\/de\/wohnungen\/#breadcrumb\"},\"inLanguage\":\"de\",\"potentialAction\":[{\"@type\":\"ReadAction\",\"target\":[\"https:\/\/www.elbamarinavip.it\/de\/wohnungen\/\"]}]},{\"@type\":\"ImageObject\",\"inLanguage\":\"de\",\"@id\":\"https:\/\/www.elbamarinavip.it\/de\/wohnungen\/#primaryimage\",\"url\":\"https:\/\/www.elbamarinavip.it\/wp-content\/uploads\/2018\/12\/IMAG1964.jpg\",\"contentUrl\":\"https:\/\/www.elbamarinavip.it\/wp-content\/uploads\/2018\/12\/IMAG1964.jpg\",\"width\":1920,\"height\":700},{\"@type\":\"BreadcrumbList\",\"@id\":\"https:\/\/www.elbamarinavip.it\/de\/wohnungen\/#breadcrumb\",\"itemListElement\":[{\"@type\":\"ListItem\",\"position\":1,\"name\":\"Home\",\"item\":\"https:\/\/www.elbamarinavip.it\/de\/\"},{\"@type\":\"ListItem\",\"position\":2,\"name\":\"Wohnungen\"}]},{\"@type\":\"WebSite\",\"@id\":\"https:\/\/www.elbamarinavip.it\/#website\",\"url\":\"https:\/\/www.elbamarinavip.it\/\",\"name\":\"Elba Marina VIP\",\"description\":\"Appartamenti per vacanze a Procchio, Isola d&#039;Elba\",\"publisher\":{\"@id\":\"https:\/\/www.elbamarinavip.it\/#organization\"},\"potentialAction\":[{\"@type\":\"SearchAction\",\"target\":{\"@type\":\"EntryPoint\",\"urlTemplate\":\"https:\/\/www.elbamarinavip.it\/?s={search_term_string}\"},\"query-input\":{\"@type\":\"PropertyValueSpecification\",\"valueRequired\":true,\"valueName\":\"search_term_string\"}}],\"inLanguage\":\"de\"},{\"@type\":\"Organization\",\"@id\":\"https:\/\/www.elbamarinavip.it\/#organization\",\"name\":\"Elba Marina VIP\",\"url\":\"https:\/\/www.elbamarinavip.it\/\",\"logo\":{\"@type\":\"ImageObject\",\"inLanguage\":\"de\",\"@id\":\"https:\/\/www.elbamarinavip.it\/#\/schema\/logo\/image\/\",\"url\":\"https:\/\/www.elbamarinavip.it\/wp-content\/uploads\/2024\/04\/DSC01619-1920.jpg\",\"contentUrl\":\"https:\/\/www.elbamarinavip.it\/wp-content\/uploads\/2024\/04\/DSC01619-1920.jpg\",\"width\":1920,\"height\":1280,\"caption\":\"Elba Marina VIP\"},\"image\":{\"@id\":\"https:\/\/www.elbamarinavip.it\/#\/schema\/logo\/image\/\"}}]}<\/script>\n<!-- \/ Yoast SEO plugin. -->","yoast_head_json":{"title":"Wohnungen - Elba Marina VIP","robots":{"index":"index","follow":"follow","max-snippet":"max-snippet:-1","max-image-preview":"max-image-preview:large","max-video-preview":"max-video-preview:-1"},"canonical":"https:\/\/www.elbamarinavip.it\/de\/wohnungen\/","og_locale":"de_DE","og_type":"article","og_title":"Wohnungen - Elba Marina VIP","og_description":"[vc_row row_padding_bottom=&#8220;padding_bottom_none&#8220;][vc_column width=&#8220;1\/2&#8243;][vc_column_text] Villetta Marina [\/vc_column_text][vc_tta_tabs][vc_tta_section title=&#8220;Beschreibung&#8220; tab_id=&#8220;1544713160242-6a95932a-2992&#8243;][vc_column_text]Max. 5 Personen Oberfl\u00e4che Wohnung: 50 m\u00b2 Oberfl\u00e4che des exklusiven Au\u00dfenbereichs: 90 m\u00b2 Ferienwohnung mit privatem Zugang, Bereich K\u00fcche\/Wohnzimmer, Doppelzimmer und Zimmer mit Etagenbett.[\/vc_column_text][\/vc_tta_section][vc_tta_section title=&#8220;Dienstleistungen&#8220; tab_id=&#8220;1544713160275-f1cf1986-2083&#8243;][vc_column_text]\u2022 Wasserkocher \/ Kaffeemaschine \u2022 Au\u00dfendusche mit Kalt-\/Warmwasser \u2022 Safe \u2022 Sat-TV \u2022 Klimaanlage \u2022 Haartrockner \u2022 B\u00fcgeleisen \u2022 Kochecke \u2022 Badeprodukte inklusiv [&hellip;]","og_url":"https:\/\/www.elbamarinavip.it\/de\/wohnungen\/","og_site_name":"Elba Marina VIP","article_modified_time":"2024-04-12T07:21:38+00:00","og_image":[{"width":1920,"height":700,"url":"https:\/\/www.elbamarinavip.it\/wp-content\/uploads\/2018\/12\/IMAG1964.jpg","type":"image\/jpeg"}],"twitter_card":"summary_large_image","twitter_misc":{"Gesch\u00e4tzte Lesezeit":"10\u00a0Minuten"},"schema":{"@context":"https:\/\/schema.org","@graph":[{"@type":"WebPage","@id":"https:\/\/www.elbamarinavip.it\/de\/wohnungen\/","url":"https:\/\/www.elbamarinavip.it\/de\/wohnungen\/","name":"Wohnungen - Elba Marina VIP","isPartOf":{"@id":"https:\/\/www.elbamarinavip.it\/#website"},"primaryImageOfPage":{"@id":"https:\/\/www.elbamarinavip.it\/de\/wohnungen\/#primaryimage"},"image":{"@id":"https:\/\/www.elbamarinavip.it\/de\/wohnungen\/#primaryimage"},"thumbnailUrl":"https:\/\/www.elbamarinavip.it\/wp-content\/uploads\/2018\/12\/IMAG1964.jpg","datePublished":"2016-11-24T18:08:55+00:00","dateModified":"2024-04-12T07:21:38+00:00","breadcrumb":{"@id":"https:\/\/www.elbamarinavip.it\/de\/wohnungen\/#breadcrumb"},"inLanguage":"de","potentialAction":[{"@type":"ReadAction","target":["https:\/\/www.elbamarinavip.it\/de\/wohnungen\/"]}]},{"@type":"ImageObject","inLanguage":"de","@id":"https:\/\/www.elbamarinavip.it\/de\/wohnungen\/#primaryimage","url":"https:\/\/www.elbamarinavip.it\/wp-content\/uploads\/2018\/12\/IMAG1964.jpg","contentUrl":"https:\/\/www.elbamarinavip.it\/wp-content\/uploads\/2018\/12\/IMAG1964.jpg","width":1920,"height":700},{"@type":"BreadcrumbList","@id":"https:\/\/www.elbamarinavip.it\/de\/wohnungen\/#breadcrumb","itemListElement":[{"@type":"ListItem","position":1,"name":"Home","item":"https:\/\/www.elbamarinavip.it\/de\/"},{"@type":"ListItem","position":2,"name":"Wohnungen"}]},{"@type":"WebSite","@id":"https:\/\/www.elbamarinavip.it\/#website","url":"https:\/\/www.elbamarinavip.it\/","name":"Elba Marina VIP","description":"Appartamenti per vacanze a Procchio, Isola d&#039;Elba","publisher":{"@id":"https:\/\/www.elbamarinavip.it\/#organization"},"potentialAction":[{"@type":"SearchAction","target":{"@type":"EntryPoint","urlTemplate":"https:\/\/www.elbamarinavip.it\/?s={search_term_string}"},"query-input":{"@type":"PropertyValueSpecification","valueRequired":true,"valueName":"search_term_string"}}],"inLanguage":"de"},{"@type":"Organization","@id":"https:\/\/www.elbamarinavip.it\/#organization","name":"Elba Marina VIP","url":"https:\/\/www.elbamarinavip.it\/","logo":{"@type":"ImageObject","inLanguage":"de","@id":"https:\/\/www.elbamarinavip.it\/#\/schema\/logo\/image\/","url":"https:\/\/www.elbamarinavip.it\/wp-content\/uploads\/2024\/04\/DSC01619-1920.jpg","contentUrl":"https:\/\/www.elbamarinavip.it\/wp-content\/uploads\/2024\/04\/DSC01619-1920.jpg","width":1920,"height":1280,"caption":"Elba Marina VIP"},"image":{"@id":"https:\/\/www.elbamarinavip.it\/#\/schema\/logo\/image\/"}}]}},"_links":{"self":[{"href":"https:\/\/www.elbamarinavip.it\/de\/wp-json\/wp\/v2\/pages\/1195","targetHints":{"allow":["GET"]}}],"collection":[{"href":"https:\/\/www.elbamarinavip.it\/de\/wp-json\/wp\/v2\/pages"}],"about":[{"href":"https:\/\/www.elbamarinavip.it\/de\/wp-json\/wp\/v2\/types\/page"}],"author":[{"embeddable":true,"href":"https:\/\/www.elbamarinavip.it\/de\/wp-json\/wp\/v2\/users\/1"}],"replies":[{"embeddable":true,"href":"https:\/\/www.elbamarinavip.it\/de\/wp-json\/wp\/v2\/comments?post=1195"}],"version-history":[{"count":5,"href":"https:\/\/www.elbamarinavip.it\/de\/wp-json\/wp\/v2\/pages\/1195\/revisions"}],"predecessor-version":[{"id":1672,"href":"https:\/\/www.elbamarinavip.it\/de\/wp-json\/wp\/v2\/pages\/1195\/revisions\/1672"}],"wp:featuredmedia":[{"embeddable":true,"href":"https:\/\/www.elbamarinavip.it\/de\/wp-json\/wp\/v2\/media\/1075"}],"wp:attachment":[{"href":"https:\/\/www.elbamarinavip.it\/de\/wp-json\/wp\/v2\/media?parent=1195"}],"curies":[{"name":"wp","href":"https:\/\/api.w.org\/{rel}","templated":true}]}}